{"id":1743,"date":"2026-02-06T15:40:47","date_gmt":"2026-02-06T15:40:47","guid":{"rendered":"https:\/\/centrumtv.hu\/?page_id=1743"},"modified":"2026-02-06T15:40:48","modified_gmt":"2026-02-06T15:40:48","slug":"adatkezelesi-tajekoztato","status":"publish","type":"page","link":"https:\/\/centrumtv.hu\/zh\/adatkezelesi-tajekoztato\/","title":{"rendered":"Adatkezel\u00e9si t\u00e1j\u00e9koztat\u00f3"},"content":{"rendered":"<p>ADATKEZEL\u00c9SI T\u00c1J\u00c9KOZTAT\u00d3<\/p>\n\n\n\n<p>(hat\u00e1lyos: 2023.12.01.)<\/p>\n\n\n\n<p>\u00c1ltal\u00e1nos inform\u00e1ci\u00f3k<\/p>\n\n\n\n<p>C\u00e9gn\u00e9v: Centrum Telev\u00edzi\u00f3 Magyarorsz\u00e1g Korl\u00e1tolt Felel\u0151ss\u00e9g\u0171 T\u00e1rsas\u00e1g<\/p>\n\n\n\n<p>C\u00e9gjegyz\u00e9ksz\u00e1m:*<\/p>\n\n\n\n<p>Ad\u00f3sz\u00e1m: 13770442-2-42<\/p>\n\n\n\n<p>Kapcsolattart\u00f3: Rusu Ildik\u00f3<\/p>\n\n\n\n<p>Elektronikus el\u00e9rhet\u0151s\u00e9g: info@centrumtv.hu<\/p>\n\n\n\n<p>Telefonsz\u00e1m:*<\/p>\n\n\n\n<p>a tov\u00e1bbiakban: \u201eSzervezet\u201d vagy \u201eAdatkezel\u0151\u201d.<\/p>\n\n\n\n<p>A T\u00e1rsas\u00e1g elk\u00f6telezett \u00fcgyfelei \u00e9s \u00fczleti partnerei szem\u00e9lyes adatainak v\u00e9delme ir\u00e1nt, ez\u00e9rt kiemelt figyelmet ford\u00edt arra, hogy a szem\u00e9lyes adatok gy\u0171jt\u00e9se, kezel\u00e9se, felhaszn\u00e1l\u00e1sa, feldolgoz\u00e1sa \u00e9s esetleges tov\u00e1bb\u00edt\u00e1sa sor\u00e1n az inform\u00e1ci\u00f3s \u00f6nrendelkez\u00e9si jogr\u00f3l \u00e9s az inform\u00e1ci\u00f3szabads\u00e1gr\u00f3l sz\u00f3l\u00f3 2011. \u00e9vi CXII. t\u00f6rv\u00e9ny, az elektronikus kereskedelmi szolg\u00e1ltat\u00e1sok, valamint az inform\u00e1ci\u00f3s t\u00e1rsadalommal \u00f6sszef\u00fcgg\u0151 szolg\u00e1ltat\u00e1sok egyes k\u00e9rd\u00e9seir\u0151l sz\u00f3l\u00f3 2001. \u00e9vi CVIII. t\u00f6rv\u00e9ny, a kutat\u00e1s \u00e9s k\u00f6zvetlen \u00fczletszerz\u00e9s c\u00e9lj\u00e1t szolg\u00e1l\u00f3 n\u00e9v- \u00e9s lakc\u00edmadatok kezel\u00e9s\u00e9r\u0151l sz\u00f3l\u00f3 1995. \u00e9vi CXIX. t\u00f6rv\u00e9ny, valamint a 2018. m\u00e1jus 25. napj\u00e1t\u00f3l alkalmazand\u00f3, a term\u00e9szetes szem\u00e9lyeknek a szem\u00e9lyes adatok kezel\u00e9se tekintet\u00e9ben t\u00f6rt\u00e9n\u0151 v\u00e9delm\u00e9r\u0151l \u00e9s az ilyen adatok szabad \u00e1raml\u00e1s\u00e1r\u00f3l sz\u00f3l\u00f3 2016\/679\/EU rendelet, azaz a GDPR \u00e9s az egy\u00e9b vonatkoz\u00f3 jogszab\u00e1lyok, nemzeti \u00e9s nemzetk\u00f6zi aj\u00e1nl\u00e1sok rendelkez\u00e9seit megtartva j\u00e1rjon el.<\/p>\n\n\n\n<p>A T\u00e1rsas\u00e1g a tev\u00e9kenys\u00e9ge sor\u00e1n r\u00e9sz\u00e9re eljuttatott vagy tudom\u00e1s\u00e1ra jutott valamennyi szem\u00e9lyes adatot ugyanolyan magas szint\u0171 v\u00e9delemmel kezeli, mintha azokat egy\u00e9b \u00faton vagy form\u00e1ban bocs\u00e1tott\u00e1k volna rendelkez\u00e9s\u00e9re.<\/p>\n\n\n\n<p>A T\u00e1rsas\u00e1g a <a href=\"https:\/\/centrumtv.hu\/zh\/\" data-type=\"link\" data-id=\"www.centrumtv.hu\">www.centrumtv.hu<\/a> weboldalon (a tov\u00e1bbiakban: \u201eweboldal\u201d) kereszt\u00fcl elektronikusan megadott szem\u00e9lyes adatokat a Centrum Telev\u00edzi\u00f3 Kft.<\/p>\n\n\n\n<p>\u00dcgyfeleink a weboldalunkra t\u00f6rt\u00e9n\u0151 bel\u00e9p\u00e9ssel \u00e9s annak haszn\u00e1lat\u00e1val elismerik, hogy a jelen adatkezel\u00e9si t\u00e1j\u00e9koztat\u00f3ban foglaltakat megismert\u00e9k \u00e9s hozz\u00e1j\u00e1rulnak ahhoz, hogy a Szervezet az \u00c9rintett \u00e1ltal megadott adatokat az ir\u00e1nyad\u00f3 jogszab\u00e1lyok szerint kezelje, esetlegesen nyilv\u00e1ntartsa; egy\u00fattal hozz\u00e1j\u00e1rulnak ahhoz, hogy el\u00e9rhet\u0151s\u00e9gi adataikat a Szervezet az adatb\u00e1zis\u00e1ban r\u00f6gz\u00edtse abb\u00f3l a c\u00e9lb\u00f3l, hogy a szolg\u00e1ltat\u00e1saival kapcsolatos adatokr\u00f3l, azok v\u00e1ltoz\u00e1sair\u00f3l, az \u00dcgyfeleket \u00e9rint\u0151 egy\u00e9b v\u00e1ltoz\u00e1sokr\u00f3l, a Szervezet t\u00e1j\u00e9koztat\u00e1st ny\u00fajtson.<\/p>\n\n\n\n<p>\u00c9rtelmez\u0151 rendelkez\u00e9sek<\/p>\n\n\n\n<p>\u00c9rintett: B\u00e1rmely meghat\u00e1rozott, szem\u00e9lyes adat alapj\u00e1n azonos\u00edtott vagy &#8211; k\u00f6zvetlen\u00fcl vagy k\u00f6zvetve &#8211; azonos\u00edthat\u00f3 term\u00e9szetes szem\u00e9ly;<\/p>\n\n\n\n<p>Szem\u00e9lyes Adat: Az \u00e9rintettel kapcsolatba hozhat\u00f3 adat &#8211; k\u00fcl\u00f6n\u00f6sen az \u00e9rintett neve, azonos\u00edt\u00f3 jele, valamint egy vagy t\u00f6bb fizikai, fiziol\u00f3giai, ment\u00e1lis, gazdas\u00e1gi, kultur\u00e1lis vagy szoci\u00e1lis azonoss\u00e1g\u00e1ra jellemz\u0151 ismeret -, valamint az adatb\u00f3l levonhat\u00f3, az \u00e9rintettre vonatkoz\u00f3 k\u00f6vetkeztet\u00e9s;<\/p>\n\n\n\n<p>Hozz\u00e1j\u00e1rul\u00e1s: Az \u00e9rintett akarat\u00e1nak \u00f6nk\u00e9ntes \u00e9s hat\u00e1rozott kinyilv\u00e1n\u00edt\u00e1sa, amely megfelel\u0151 t\u00e1j\u00e9koztat\u00e1son alapul, \u00e9s amellyel f\u00e9lre\u00e9rthetetlen beleegyez\u00e9s\u00e9t adja a r\u00e1 vonatkoz\u00f3 szem\u00e9lyes adat &#8211; teljes k\u00f6r\u0171 vagy egyes m\u0171veletekre kiterjed\u0151 -kezel\u00e9s\u00e9hez;<\/p>\n\n\n\n<p>Tiltakoz\u00e1s: Az \u00e9rintett nyilatkozata, amellyel szem\u00e9lyes adat\u00e1nak kezel\u00e9s\u00e9t kifog\u00e1solja, \u00e9s az adatkezel\u00e9s megsz\u00fcntet\u00e9s\u00e9t, illetve a kezelt adat t\u00f6rl\u00e9s\u00e9t k\u00e9ri;<\/p>\n\n\n\n<p>Adatkezel\u0151: Az a term\u00e9szetes vagy jogi szem\u00e9ly, illetve jogi szem\u00e9lyis\u00e9ggel nem rendelkez\u0151 szervezet, aki, vagy amely \u00f6n\u00e1ll\u00f3an vagy m\u00e1sokkal egy\u00fctt az adat kezel\u00e9s\u00e9nek c\u00e9lj\u00e1t meghat\u00e1rozza, az adatkezel\u00e9sre (bele\u00e9rtve a felhaszn\u00e1lt eszk\u00f6zt) vonatkoz\u00f3 d\u00f6nt\u00e9seket meghozza \u00e9s v\u00e9grehajtja, vagy az adatfeldolgoz\u00f3val v\u00e9grehajtatja;<\/p>\n\n\n\n<p>Adatkezel\u00e9s: Az alkalmazott elj\u00e1r\u00e1st\u00f3l f\u00fcggetlen\u00fcl az adaton v\u00e9gzett b\u00e1rmely m\u0171velet vagy a m\u0171veletek \u00f6sszess\u00e9ge, \u00edgy k\u00fcl\u00f6n\u00f6sen gy\u0171jt\u00e9se, felv\u00e9tele, r\u00f6gz\u00edt\u00e9se, rendszerez\u00e9se, t\u00e1rol\u00e1sa, megv\u00e1ltoztat\u00e1sa, felhaszn\u00e1l\u00e1sa, lek\u00e9rdez\u00e9se, tov\u00e1bb\u00edt\u00e1sa, nyilv\u00e1noss\u00e1gra hozatala, \u00f6sszehangol\u00e1sa vagy \u00f6sszekapcsol\u00e1sa, z\u00e1rol\u00e1sa, t\u00f6rl\u00e9se \u00e9s megsemmis\u00edt\u00e9se, valamint az adat tov\u00e1bbi felhaszn\u00e1l\u00e1s\u00e1nak megakad\u00e1lyoz\u00e1sa, f\u00e9nyk\u00e9p-, hang- vagy k\u00e9pfelv\u00e9tel k\u00e9sz\u00edt\u00e9se, valamint a szem\u00e9ly azonos\u00edt\u00e1s\u00e1ra alkalmas fizikai jellemz\u0151k (pl. ujjvagy teny\u00e9rnyomat, DNS-minta, \u00edriszk\u00e9p) r\u00f6gz\u00edt\u00e9se;<\/p>\n\n\n\n<p>Adattov\u00e1bb\u00edt\u00e1s: Az adat meghat\u00e1rozott harmadik szem\u00e9ly sz\u00e1m\u00e1ra t\u00f6rt\u00e9n\u0151 hozz\u00e1f\u00e9rhet\u0151v\u00e9 t\u00e9tele;<\/p>\n\n\n\n<p>Nyilv\u00e1noss\u00e1gra Hozatal: Az adat b\u00e1rki sz\u00e1m\u00e1ra t\u00f6rt\u00e9n\u0151 hozz\u00e1f\u00e9rhet\u0151v\u00e9 t\u00e9tele;<\/p>\n\n\n\n<p>Adatt\u00f6rl\u00e9s: Az adat felismerhetetlenn\u00e9 t\u00e9tele oly m\u00f3don, hogy a helyre\u00e1ll\u00edt\u00e1sa t\u00f6bb\u00e9 nem lehets\u00e9ges;<\/p>\n\n\n\n<p>Adatmegjel\u00f6l\u00e9s: Az adat azonos\u00edt\u00f3 jelz\u00e9ssel ell\u00e1t\u00e1sa annak megk\u00fcl\u00f6nb\u00f6ztet\u00e9se c\u00e9lj\u00e1b\u00f3l;<\/p>\n\n\n\n<p>Adatz\u00e1rol\u00e1s: Az adat azonos\u00edt\u00f3 jelz\u00e9ssel ell\u00e1t\u00e1sa tov\u00e1bbi kezel\u00e9s\u00e9nek v\u00e9gleges vagy meghat\u00e1rozott id\u0151re t\u00f6rt\u00e9n\u0151 korl\u00e1toz\u00e1sa c\u00e9lj\u00e1b\u00f3l;<\/p>\n\n\n\n<p>Adatmegsemmis\u00edt\u00e9s: Az adatot tartalmaz\u00f3 adathordoz\u00f3 teljes fizikai megsemmis\u00edt\u00e9se;<\/p>\n\n\n\n<p>Adatfeldolgoz\u00e1s: Az adatkezel\u00e9si m\u0171veletekhez kapcsol\u00f3d\u00f3 technikai feladatok elv\u00e9gz\u00e9se, f\u00fcggetlen\u00fcl a m\u0171veletek v\u00e9grehajt\u00e1s\u00e1hoz alkalmazott m\u00f3dszert\u0151l \u00e9s eszk\u00f6zt\u0151l, valamint az alkalmaz\u00e1s hely\u00e9t\u0151l, felt\u00e9ve hogy a technikai feladatot az adaton v\u00e9gzik;<\/p>\n\n\n\n<p>Adatfeldolgoz\u00f3: Az a term\u00e9szetes vagy jogi szem\u00e9ly, illetve jogi szem\u00e9lyis\u00e9ggel nem rendelkez\u0151 szervezet, aki vagy amely szerz\u0151d\u00e9s alapj\u00e1n &#8211; bele\u00e9rtve a jogszab\u00e1ly rendelkez\u00e9se alapj\u00e1n k\u00f6t\u00f6tt szerz\u0151d\u00e9st is &#8211; adatok feldolgoz\u00e1s\u00e1t v\u00e9gzi;<\/p>\n\n\n\n<p>Adat\u00e1llom\u00e1ny: Az egy nyilv\u00e1ntart\u00e1sban kezelt adatok \u00f6sszess\u00e9ge;<\/p>\n\n\n\n<p>Harmadik Szem\u00e9ly: Olyan term\u00e9szetes vagy jogi szem\u00e9ly, illetve jogi szem\u00e9lyis\u00e9ggel nem rendelkez\u0151 szervezet, aki, vagy amely nem azonos az \u00e9rintettel, az adatkezel\u0151vel vagy az adatfeldolgoz\u00f3val;<\/p>\n\n\n\n<p>EGT-\u00c1llam: Az Eur\u00f3pai Uni\u00f3 tag\u00e1llama \u00e9s az Eur\u00f3pai Gazdas\u00e1gi T\u00e9rs\u00e9gr\u0151l sz\u00f3l\u00f3 meg\u00e1llapod\u00e1sban r\u00e9szes m\u00e1s \u00e1llam, tov\u00e1bb\u00e1 az az \u00e1llam, amelynek \u00e1llampolg\u00e1ra az Eur\u00f3pai Uni\u00f3 \u00e9s tag\u00e1llamai, valamint az Eur\u00f3pai Gazdas\u00e1gi T\u00e9rs\u00e9gr\u0151l sz\u00f3l\u00f3 meg\u00e1llapod\u00e1sban nem r\u00e9szes \u00e1llam k\u00f6z\u00f6tt l\u00e9trej\u00f6tt nemzetk\u00f6zi szerz\u0151d\u00e9s alapj\u00e1n az Eur\u00f3pai Gazdas\u00e1gi T\u00e9rs\u00e9gr\u0151l sz\u00f3l\u00f3 meg\u00e1llapod\u00e1sban r\u00e9szes \u00e1llam \u00e1llampolg\u00e1r\u00e1val azonos jog\u00e1ll\u00e1st \u00e9lvez<\/p>\n\n\n\n<p>Harmadik Orsz\u00e1g: Minden olyan \u00e1llam, amely nem EGT-\u00e1llam;<\/p>\n\n\n\n<p>Adatv\u00e9delmi Incidens: Szem\u00e9lyes adat jogellenes kezel\u00e9se vagy feldolgoz\u00e1sa, \u00edgy k\u00fcl\u00f6n\u00f6sen a jogosulatlan hozz\u00e1f\u00e9r\u00e9s, megv\u00e1ltoztat\u00e1s, tov\u00e1bb\u00edt\u00e1s, nyilv\u00e1noss\u00e1gra hozatal, t\u00f6rl\u00e9s vagy megsemmis\u00edt\u00e9s, valamint a v\u00e9letlen megsemmis\u00fcl\u00e9s \u00e9s s\u00e9r\u00fcl\u00e9s.<\/p>\n\n\n\n<p>Az adatkezel\u00e9s c\u00e9lja<\/p>\n\n\n\n<p>Az adatkezel\u00e9s c\u00e9lja a Szervezet birtok\u00e1ba ker\u00fclt szem\u00e9lyes adatok vonatkoz\u00e1s\u00e1ban:<\/p>\n\n\n\n<p>a Szervezet ig\u00e9nybe vett szolg\u00e1ltat\u00e1sok teljes\u00edt\u00e9se;<\/p>\n\n\n\n<p>a szolg\u00e1ltat\u00e1sokkal kapcsolatos adatokr\u00f3l, azok v\u00e1ltoz\u00e1s\u00e1r\u00f3l t\u00f6rt\u00e9n\u0151 t\u00e1j\u00e9koztat\u00e1s;<\/p>\n\n\n\n<p>a Szervezet \u00e9s az \u00dcgyf\u00e9l? k\u00f6zti kapcsolat fenntart\u00e1sa;<\/p>\n\n\n\n<p>h\u00edrlevelekkel t\u00f6rt\u00e9n\u0151 t\u00e1j\u00e9koztat\u00e1s f\u0151k\u00e9nt a Szervezet m\u0171k\u00f6d\u00e9s\u00e9vel, el\u00e9rhet\u0151s\u00e9g\u00e9vel \u00f6sszef\u00fcgg\u00e9sben;<\/p>\n\n\n\n<p>Az Adatkezel\u0151 a le\u00edrt c\u00e9lt\u00f3l elt\u00e9r\u0151en nem haszn\u00e1lja fel az \u00c9rintett szem\u00e9lyes adatait.<\/p>\n\n\n\n<p>Az adatkezel\u00e9s jogalapja<\/p>\n\n\n\n<p>Az adatkezel\u00e9sre a Felhaszn\u00e1l\u00f3k \u00f6nk\u00e9ntes \u00e9s kifejezett hozz\u00e1j\u00e1rul\u00e1s\u00e1val ker\u00fcl sor. A hozz\u00e1j\u00e1rul\u00e1s megad\u00e1sa az Adatkezel\u0151 weboldal\u00e1n, bel\u00e9p\u00e9skor, ezen t\u00e1j\u00e9koztat\u00f3 egyidej\u0171 elektronikus elolvas\u00e1s\u00e1val \u00e9s elfogad\u00e1s\u00e1val t\u00f6rt\u00e9nik meg.<\/p>\n\n\n\n<p>A kezelt adatok k\u00f6re<\/p>\n\n\n\n<p>A Szervezet \u00e1ltal kezelt szem\u00e9lyes adatok azon adatok, amelyek a T\u00e1rsas\u00e1g szolg\u00e1ltat\u00e1sinak ig\u00e9nybev\u00e9tele sor\u00e1n a T\u00e1rsas\u00e1g birtok\u00e1ba ker\u00fclnek, illetve ker\u00fclhetnek az \u00dcgyfelek, tov\u00e1bb\u00e1 azok szerz\u0151d\u00e9ses partnerei vonatkoz\u00e1s\u00e1ban, tov\u00e1bb\u00e1 az \u00dcgyfelek \u00e1ltal a Szervezet r\u00e9sz\u00e9re tov\u00e1bb\u00edtott minden szem\u00e9lyes adat.<\/p>\n\n\n\n<p>Ezen szem\u00e9lyes adatok a k\u00f6vetkez\u0151k:<\/p>\n\n\n\n<p>n\u00e9v;<\/p>\n\n\n\n<p>sz\u00fclet\u00e9si hely \u00e9s id\u0151;<\/p>\n\n\n\n<p>anyja sz\u00fclet\u00e9si neve;<\/p>\n\n\n\n<p>email c\u00edm;<\/p>\n\n\n\n<p>telefonsz\u00e1m;<\/p>\n\n\n\n<p>Az adatkezel\u00e9s id\u0151tartama<\/p>\n\n\n\n<p>Az adatkezel\u00e9s kiz\u00e1r\u00f3lag a c\u00e9l megval\u00f3sul\u00e1s\u00e1hoz sz\u00fcks\u00e9ges m\u00e9rt\u00e9kben, ideig \u00e9s kiz\u00e1r\u00f3lag azzal a szem\u00e9lyes adattal t\u00f6rt\u00e9nik, amely az adatkezel\u00e9s c\u00e9lj\u00e1nak megval\u00f3sul\u00e1s\u00e1hoz elengedhetetlen\u00fcl sz\u00fcks\u00e9ges \u00e9s a c\u00e9l el\u00e9r\u00e9s\u00e9re egy\u00e9bk\u00e9nt alkalmas, \u00edgy k\u00fcl\u00f6n\u00f6sen, am\u00edg az \u00dcgyfelek t\u00e1j\u00e9koztat\u00e1s\u00e1val, a szolg\u00e1ltat\u00e1sok teljes\u00edt\u00e9s\u00e9vel \u00e9s a kapcsol\u00f3d\u00f3 \u00fcgyint\u00e9z\u00e9ssel \u00f6sszef\u00fcgg\u0151 jogai \u00e9s k\u00f6telezetts\u00e9gei fenn\u00e1llnak.<\/p>\n\n\n\n<p>Az \u00e9rintett jogai szem\u00e9lyes adatainak kezel\u00e9s\u00e9vel kapcsolatban<\/p>\n\n\n\n<p>a.) T\u00e1j\u00e9koztat\u00e1sk\u00e9r\u00e9s<\/p>\n\n\n\n<p>Az \u00e9rintettek t\u00e1j\u00e9koztat\u00e1st k\u00e9rhetnek az \u00c9rintett \u00e1ltal \u00e1tadott \u00e9s a Szervezet \u00e1ltal kezelt szem\u00e9lyes adatokr\u00f3l, azok forr\u00e1s\u00e1r\u00f3l, az adatkezel\u00e9s c\u00e9lj\u00e1r\u00f3l, jogalapj\u00e1r\u00f3l, id\u0151tartam\u00e1r\u00f3l, az esetleges adatfeldolgoz\u00f3 nev\u00e9r\u0151l, c\u00edm\u00e9r\u0151l \u00e9s az adatkezel\u00e9ssel \u00f6sszef\u00fcgg\u0151 tev\u00e9kenys\u00e9g\u00e9r\u0151l, tov\u00e1bb\u00e1 \u2013 szem\u00e9lyes adataik tov\u00e1bb\u00edt\u00e1sa eset\u00e9n &#8211; az adattov\u00e1bb\u00edt\u00e1s jogalapj\u00e1r\u00f3l \u00e9s c\u00edmzettj\u00e9r\u0151l.<\/p>\n\n\n\n<p>A t\u00e1j\u00e9koztat\u00e1s ir\u00e1nti k\u00e9relmet \u2013 az \u00e9rintettek adatai biztons\u00e1ga \u00e9rdek\u00e9ben \u2013 csak szem\u00e9lyesen teljes\u00edti a Szervezet. Ennek \u00e9rdek\u00e9ben a t\u00e1j\u00e9koztat\u00e1s ir\u00e1nti k\u00e9relmet \u00edr\u00e1sban post\u00e1n t\u00f6rt\u00e9n\u0151 megk\u00fcld\u00e9s eset\u00e9n teljes bizony\u00edt\u00f3 erej\u0171 mag\u00e1nokirat form\u00e1j\u00e1ban, e-mailben illetve faxon? a megfelel\u0151 azonos\u00edt\u00f3 adatok megad\u00e1s\u00e1val van lehet\u0151s\u00e9g a Szervezet r\u00e9sz\u00e9re megk\u00fcldeni.<\/p>\n\n\n\n<p>A T\u00e1rsas\u00e1g a legk\u00e9s\u0151bb 30 napon bel\u00fcl \u00edr\u00e1sban, k\u00f6z\u00e9rthet\u0151 m\u00f3don megadja a t\u00e1j\u00e9koztat\u00e1st az \u00e9rintett \u00e1ltal megadott c\u00edmre.<\/p>\n\n\n\n<p>b.) Helyesb\u00edt\u00e9s<\/p>\n\n\n\n<p>Amennyiben az \u00e9rintett jelzi \u2013 a pontos\u00edtott szem\u00e9lyes adat egyidej\u0171 megad\u00e1s\u00e1val \u2013 a Szervezet fel\u00e9, hogy a kezelt szem\u00e9lyes adat a val\u00f3s\u00e1gnak nem felel meg vagy a Szervezet egy\u00e9b \u00faton tudom\u00e1st szerez a szem\u00e9lyes adatok hib\u00e1j\u00e1r\u00f3l \u00e9s a helyes adatokr\u00f3l, akkor a szem\u00e9lyes adatot a Szervezet helyesb\u00edti. A helyesb\u00edt\u00e9sr\u0151l illetve a helyesb\u00edt\u00e9sre vonatkoz\u00f3 k\u00e9relm\u00e9nek elutas\u00edt\u00e1s\u00e1r\u00f3l a Szervezet \u00e9rtes\u00edti az \u00e9rintettet.<\/p>\n\n\n\n<p>c.) T\u00f6rl\u00e9s vagy z\u00e1rol\u00e1s<\/p>\n\n\n\n<p>Az \u00e9rintettek jogosultak szem\u00e9lyes adatik t\u00f6rl\u00e9s\u00e9t vagy z\u00e1rol\u00e1s\u00e1t k\u00e9rni. A szem\u00e9lyes adatokat abban az esetben z\u00e1roljuk, amennyiben a rendelkez\u00e9s\u00e9re \u00e1ll\u00f3 inform\u00e1ci\u00f3 alapj\u00e1n felt\u00e9telezhet\u0151, hogy a t\u00f6rl\u00e9s s\u00e9rten\u00e9 az \u00e9rintett szem\u00e9ly jogos \u00e9rdekeit. Az \u00edgy z\u00e1rolt szem\u00e9lyes adatot kiz\u00e1r\u00f3lag addig kezelj\u00fck, am\u00edg fenn\u00e1ll az az adatkezel\u00e9si c\u00e9l, amely a szem\u00e9lyes adat t\u00f6rl\u00e9s\u00e9t kiz\u00e1rta. A t\u00f6rl\u00e9s vagy z\u00e1rol\u00e1s megt\u00f6rt\u00e9nt\u00e9r\u0151l \u00e9rtes\u00edtj\u00fck, vagy a t\u00f6rl\u00e9sre illetve z\u00e1rol\u00e1sra vonatkoz\u00f3 k\u00e9relm\u00e9nek elutas\u00edt\u00e1s\u00e1r\u00f3l t\u00e1j\u00e9koztatjuk az \u00e9rintett szem\u00e9lyeket.<\/p>\n\n\n\n<p>d.) Tiltakoz\u00e1s<\/p>\n\n\n\n<p>Az \u00e9rintetek \u2013 a k\u00f6telez\u0151 adatkezel\u00e9s eset\u00e9t kiv\u00e9ve \u2013 jogosultak tiltakozni szem\u00e9lyes adataik kezel\u00e9se ellen, ha a szem\u00e9lyes adataik kezel\u00e9se vagy tov\u00e1bb\u00edt\u00e1sa kiz\u00e1r\u00f3lag a Szervezet vonatkoz\u00f3 jogi k\u00f6telezetts\u00e9g teljes\u00edt\u00e9s\u00e9hez vagy a Szervezet vagy harmadik szem\u00e9ly jogos \u00e9rdek\u00e9nek \u00e9rv\u00e9nyes\u00edt\u00e9s\u00e9hez sz\u00fcks\u00e9ges; vagy ha a szem\u00e9lyes adataik felhaszn\u00e1l\u00e1sa vagy tov\u00e1bb\u00edt\u00e1sa k\u00f6zvetlen \u00fczletszerz\u00e9s, k\u00f6zv\u00e9lem\u00e9nykutat\u00e1s vagy tudom\u00e1nyos kutat\u00e1s c\u00e9lj\u00e1ra t\u00f6rt\u00e9nik, amennyiben ahhoz nem j\u00e1rultak hozz\u00e1; vagy t\u00f6rv\u00e9nyben meghat\u00e1rozott egy\u00e9b esetekben.<\/p>\n\n\n\n<p>A Szervezet a tiltakoz\u00e1st a k\u00e9relem beny\u00fajt\u00e1s\u00e1t\u00f3l sz\u00e1m\u00edtott legr\u00f6videbb id\u0151n bel\u00fcl, de legfeljebb 8 napon bel\u00fcl megvizsg\u00e1lja, annak megalapozotts\u00e1ga k\u00e9rd\u00e9s\u00e9ben d\u00f6nt\u00e9st hoz, \u00e9s d\u00f6nt\u00e9s\u00e9r\u0151l a k\u00e9relmez\u0151t \u00edr\u00e1sban t\u00e1j\u00e9koztatja.<\/p>\n\n\n\n<p>d.) Egy\u00fcttm\u0171k\u00f6d\u00e9s megtagad\u00e1sa direkt marketing kapcs\u00e1n<\/p>\n\n\n\n<p>A k\u00f6zvetlen \u00fczletszerz\u00e9sre ir\u00e1nyul\u00f3, \u00fan. direkt marketing levelekkel kapcsolatos egy\u00fcttm\u0171k\u00f6d\u00e9s\u00fcket az \u00e9rintettek jogosultak b\u00e1rmikor indokol\u00e1s n\u00e9lk\u00fcl megtagadni. Ennek keret\u00e9ben jogosultak megtagadni vagy megtiltani n\u00e9vadataiknak a kapcsolat-felv\u00e9teli, illetve \u00fczletszerz\u00e9si list\u00e1n val\u00f3 szerepeltet\u00e9s\u00e9t, k\u00f6zvetlen \u00fczletszerz\u00e9si \u2013 illet\u0151leg azon bel\u00fcl meghat\u00e1rozott konkr\u00e9t \u2013 c\u00e9lra t\u00f6rt\u00e9n\u0151 felhaszn\u00e1l\u00e1s\u00e1t, illetve harmadik szem\u00e9lynek \u00e1tad\u00e1s\u00e1t.<\/p>\n\n\n\n<p>Az adatok megismer\u00e9se<\/p>\n\n\n\n<p>Az adatkezel\u00e9s id\u0151tartama alatt, az adatkezel\u00e9ssel \u00e9rintett adatokat a Szervezet \u00e1ltal foglalkoztatott munkav\u00e1llal\u00f3k, feladatuk ell\u00e1t\u00e1shoz sz\u00fcks\u00e9ges ideig \u00e9s m\u00e9rt\u00e9kben ismerhetik meg, titoktart\u00e1si k\u00f6telezetts\u00e9g terhe mellett.<\/p>\n\n\n\n<p>Adattov\u00e1bb\u00edt\u00e1s<\/p>\n\n\n\n<p>A Szervezet a rendelkez\u00e9s\u00e9re bocs\u00e1tott szem\u00e9lyes adatokat a hat\u00e1lyos jogszab\u00e1lyokban megfogalmazott el\u0151\u00edr\u00e1sok kiv\u00e9tel\u00e9vel, harmadik f\u00e9lnek nem tov\u00e1bb\u00edtja.<\/p>\n\n\n\n<p>Az Adatkezel\u0151 adatfeldolgoz\u00f3t nem vesz ig\u00e9nybe ezen adatkezel\u00e9s sor\u00e1n.<\/p>\n\n\n\n<p>Az \u00e9rintett jog\u00e9rv\u00e9nyes\u00edt\u00e9si lehet\u0151s\u00e9gei<\/p>\n\n\n\n<p>Szem\u00e9lyes adataival kapcsolatos jogait a Szervezet, az 1. pontban felsorolt el\u00e9rhet\u0151s\u00e9geken kereszt\u00fcl lehet \u00e9rv\u00e9nyes\u00edteni. A Szervezet a hat\u00e1lyos szab\u00e1lyoz\u00e1sok alapj\u00e1n a hozz\u00e1 be\u00e9rkezett k\u00e9relmet, panaszt kezeli \u00e9s az elj\u00e1r\u00e1s eredm\u00e9ny\u00e9r\u0151l az \u00c9rintettet t\u00e1j\u00e9koztatja.<\/p>\n\n\n\n<p>Az \u00c9rintett a Szervezet adatkezel\u00e9si tev\u00e9kenys\u00e9g\u00e9vel kapcsolatos panasz\u00e1val a Nemzeti Adatv\u00e9delmi \u00e9s Inform\u00e1ci\u00f3szabads\u00e1g Hat\u00f3s\u00e1ghoz (c\u00edm: 1055 Budapest, Falk Miksa utca 9-11., postac\u00edm: 1363 Budapest, Pf.: 9., weboldal: https:\/\/www.naih.hu\/) fordulhat.<\/p>\n\n\n\n<p>Az \u00c9rintett jogosult b\u00edr\u00f3s\u00e1gi elj\u00e1r\u00e1st ind\u00edtani a Szervezet tev\u00e9kenys\u00e9gi helye szerint illet\u00e9kes b\u00edr\u00f3s\u00e1gon, amennyiben a hat\u00e1lyos jogszab\u00e1lyok szerinti jogait a T\u00e1rsas\u00e1g megs\u00e9rtette.<\/p>\n\n\n\n<p>Titoktart\u00e1s<\/p>\n\n\n\n<p>A Szervezet, a partnerei, \u00fcgyfelei szem\u00e9ly\u00e9re, adataira, a Szervezet fenn\u00e1ll\u00f3 \u00fczleti kapcsolataira vonatkoz\u00f3 valamennyi inform\u00e1ci\u00f3t \u00fczleti titokk\u00e9nt kezeli.<\/p>\n\n\n\n<p>Adatbiztons\u00e1gi int\u00e9zked\u00e9sek<\/p>\n\n\n\n<p>A Szervezet rendelkez\u00e9s\u00e9re bocs\u00e1tott \u00e9s \u00e1ltala kezelt szem\u00e9lyes adatokat a MICROSOFT \u00e9s a Centrum Telev\u00edzi\u00f3 Kft. \u00e1ltal \u00fczemeltetett szervereken t\u00e1rolja. Az eml\u00edtett szerverek, a jogosulatlan felhaszn\u00e1l\u00e1s \u00e9s az azzal kapcsolatos vissza\u00e9l\u00e9sek megel\u0151z\u00e9se \u00e9rdek\u00e9ben, korszer\u0171, a technol\u00f3giai fejletts\u00e9gnek megfelel\u0151 m\u0171szaki \u00e9s \u00fczemeltet\u00e9si biztons\u00e1gi int\u00e9zked\u00e9sek vannak v\u00e9dve. Az Adatkezel\u0151 \u00e9s az Adatfeldolgoz\u00f3k biztons\u00e1gi elj\u00e1r\u00e1saikat rendszeresen ellen\u0151rzik \u00e9s a technol\u00f3giai fejl\u0151d\u00e9ssel \u00f6sszhangban fejlesztik.<\/p>\n\n\n\n<p>Az adatkezel\u00e9si t\u00e1j\u00e9koztat\u00f3 m\u00f3dos\u00edt\u00e1s\u00e1nak lehet\u0151s\u00e9ge<\/p>\n\n\n\n<p>A Szervezet fenntartja a jogot, hogy jelen adatkezel\u00e9si t\u00e1j\u00e9koztat\u00f3t a felhaszn\u00e1l\u00f3k \u00e9rtes\u00edt\u00e9se mellett, egyoldal\u00faan m\u00f3dos\u00edtsa.<\/p>","protected":false},"excerpt":{"rendered":"<p>ADATKEZEL\u00c9SI T\u00c1J\u00c9KOZTAT\u00d3 (hat\u00e1lyos: 2023.12.01.) \u00c1ltal\u00e1nos inform\u00e1ci\u00f3k C\u00e9gn\u00e9v: Centrum Telev\u00edzi\u00f3 Magyarorsz\u00e1g Korl\u00e1tolt Felel\u0151ss\u00e9g\u0171 T\u00e1rsas\u00e1g C\u00e9gjegyz\u00e9ksz\u00e1m:* Ad\u00f3sz\u00e1m: 13770442-2-42 Kapcsolattart\u00f3: Rusu Ildik\u00f3 Elektronikus el\u00e9rhet\u0151s\u00e9g: info@centrumtv.hu Telefonsz\u00e1m:* a tov\u00e1bbiakban: \u201eSzervezet\u201d vagy \u201eAdatkezel\u0151\u201d. A T\u00e1rsas\u00e1g elk\u00f6telezett \u00fcgyfelei \u00e9s \u00fczleti partnerei szem\u00e9lyes adatainak v\u00e9delme ir\u00e1nt, ez\u00e9rt kiemelt figyelmet ford\u00edt arra, hogy a szem\u00e9lyes adatok gy\u0171jt\u00e9se, kezel\u00e9se, felhaszn\u00e1l\u00e1sa, feldolgoz\u00e1sa \u00e9s esetleges tov\u00e1bb\u00edt\u00e1sa &#8230; <a title=\"Adatkezel\u00e9si t\u00e1j\u00e9koztat\u00f3\" class=\"read-more\" href=\"https:\/\/centrumtv.hu\/zh\/adatkezelesi-tajekoztato\/\" aria-label=\"\u9605\u8bfb Adatkezel\u00e9si t\u00e1j\u00e9koztat\u00f3\">\u9605\u66f4\u591a<\/a><\/p>","protected":false},"author":2,"featured_media":0,"parent":0,"menu_order":0,"comment_status":"closed","ping_status":"closed","template":"","meta":{"footnotes":""},"class_list":["post-1743","page","type-page","status-publish"],"_links":{"self":[{"href":"https:\/\/centrumtv.hu\/zh\/wp-json\/wp\/v2\/pages\/1743","targetHints":{"allow":["GET"]}}],"collection":[{"href":"https:\/\/centrumtv.hu\/zh\/wp-json\/wp\/v2\/pages"}],"about":[{"href":"https:\/\/centrumtv.hu\/zh\/wp-json\/wp\/v2\/types\/page"}],"author":[{"embeddable":true,"href":"https:\/\/centrumtv.hu\/zh\/wp-json\/wp\/v2\/users\/2"}],"replies":[{"embeddable":true,"href":"https:\/\/centrumtv.hu\/zh\/wp-json\/wp\/v2\/comments?post=1743"}],"version-history":[{"count":1,"href":"https:\/\/centrumtv.hu\/zh\/wp-json\/wp\/v2\/pages\/1743\/revisions"}],"predecessor-version":[{"id":1744,"href":"https:\/\/centrumtv.hu\/zh\/wp-json\/wp\/v2\/pages\/1743\/revisions\/1744"}],"wp:attachment":[{"href":"https:\/\/centrumtv.hu\/zh\/wp-json\/wp\/v2\/media?parent=1743"}],"curies":[{"name":"wp","href":"https:\/\/api.w.org\/{rel}","templated":true}]}}